{"id":14,"date":"2020-10-06T12:01:24","date_gmt":"2020-10-06T12:01:24","guid":{"rendered":"https:\/\/muschenried.de\/750-jahre\/?page_id=14"},"modified":"2021-10-10T17:27:23","modified_gmt":"2021-10-10T17:27:23","slug":"wer-san-mia","status":"publish","type":"page","link":"https:\/\/muschenried.de\/750-jahre\/wer-san-mia\/","title":{"rendered":"Wer san mia"},"content":{"rendered":"<div class=\"fusion-fullwidth fullwidth-box fusion-builder-row-1 fusion-flex-container nonhundred-percent-fullwidth non-hundred-percent-height-scrolling fusion-no-small-visibility\" style=\"--awb-border-radius-top-left:0px;--awb-border-radius-top-right:0px;--awb-border-radius-bottom-right:0px;--awb-border-radius-bottom-left:0px;--awb-flex-wrap:wrap;\" ><div class=\"fusion-builder-row fusion-row fusion-flex-align-items-flex-start fusion-flex-content-wrap\" style=\"max-width:1248px;margin-left: calc(-4% \/ 2 );margin-right: calc(-4% \/ 2 );\"><div class=\"fusion-layout-column fusion_builder_column fusion-builder-column-0 fusion_builder_column_1_1 1_1 fusion-flex-column fusion-flex-align-self-flex-start\" style=\"--awb-bg-size:cover;--awb-width-large:100%;--awb-margin-top-large:0px;--awb-spacing-right-large:18px;--awb-margin-bottom-large:20px;--awb-spacing-left-large:33px;--awb-width-medium:100%;--awb-order-medium:0;--awb-spacing-right-medium:18px;--awb-spacing-left-medium:33px;--awb-width-small:100%;--awb-order-small:0;--awb-spacing-right-small:1.92%;--awb-spacing-left-small:1.92%;\"><div class=\"fusion-column-wrapper fusion-column-has-shadow fusion-flex-justify-content-flex-start fusion-content-layout-column\"><div class=\"fusion-flip-boxes flip-boxes row fusion-columns-1 flip-effect-classic\"><div class=\"fusion-flip-box-wrapper fusion-column col-lg-12 col-md-12 col-sm-12\"><div class=\"fusion-flip-box flip-right\" tabindex=\"0\"><div class=\"flip-box-inner-wrapper\"><div class=\"flip-box-front\" style=\"--awb-background-color-front:#ffffff;--awb-title-front-color:#000000;--awb-text-front-color:#000000;\"><div class=\"flip-box-front-inner\"><div class=\"flip-box-grafix flip-box-image\"><img decoding=\"async\" src=\"https:\/\/muschenried.de\/750-jahre\/wp-content\/uploads\/2021\/03\/ffw_2.jpg\" width=\"150\" height=\"173.85\" alt=\"\" \/><\/div><h2 class=\"flip-box-heading without-text\">Freiwillige Feuerwehr Muschenried<\/h2><\/div><\/div><div class=\"flip-box-back\" style=\"--awb-background-color-back:rgba(255,255,255,0);--awb-text-back-color:rgba(0,0,0,0.8);--awb-background-image-back:url(&#039;https:\/\/muschenried.de\/750-jahre\/wp-content\/uploads\/2021\/06\/muschenried2-300x225.jpg&#039;);\"><div class=\"flip-box-back-inner\">\n<h3>Die freiwillige Feuerwehr Muschenried wurde im Jahr 1890 gegr\u00fcndet.<\/h3>\n<h3>Der Verein z\u00e4hlt derzeit 150 Mitglieder.<\/h3>\n<h3>Jeden Tag, 24 Stunden, 7 Tage in der Woche, 365 Tage im Jahr, ist sie f\u00fcr uns da.<\/h3>\n<a class=\"awb-lightbox awb-lightbox-1\" data-title=\"Freiwillige Feuerwehr Muschenried\" title=\"Freiwillige Feuerwehr Muschenried\" href=\"https:\/\/muschenried.de\/750-jahre\/wp-content\/uploads\/2021\/09\/gal_feuerwehr.jpg\" data-rel=\"iLightbox\"><img decoding=\"async\" src=\"https:\/\/muschenried.de\/750-jahre\/wp-content\/uploads\/2021\/10\/thumb_feuerwehr.jpg\" alt=\"Freiwillige Feuerwehr Muschenried\"><\/a>\n<\/div><\/div><\/div><\/div><\/div><\/div><div class=\"fusion-flip-boxes flip-boxes row fusion-columns-1 flip-effect-classic\"><div class=\"fusion-flip-box-wrapper fusion-column col-lg-12 col-md-12 col-sm-12\"><div class=\"fusion-flip-box flip-right\" tabindex=\"0\"><div class=\"flip-box-inner-wrapper\"><div class=\"flip-box-front\" style=\"--awb-background-color-front:#ffffff;--awb-title-front-color:#000000;--awb-text-front-color:#000000;\"><div class=\"flip-box-front-inner\"><div class=\"flip-box-grafix flip-box-image\"><img decoding=\"async\" src=\"https:\/\/muschenried.de\/750-jahre\/wp-content\/uploads\/2021\/02\/Schu\u0308tzen_Logo_2-268x300.jpg\" width=\"150\" height=\"167.91\" alt=\"Muschenried Logo Sch\u00fctzenverein\" \/><\/div><h2 class=\"flip-box-heading without-text\">Kreuzbergsch\u00fctzen Muschenried<\/h2><\/div><\/div><div class=\"flip-box-back\" style=\"--awb-background-color-back:rgba(255,255,255,0);--awb-text-back-color:rgba(0,0,0,0.8);--awb-background-image-back:url(&#039;https:\/\/muschenried.de\/750-jahre\/wp-content\/uploads\/2021\/06\/muschenried2-300x225.jpg&#039;);\"><div class=\"flip-box-back-inner\">\n<h6 style=\"text-align: center;\">In Muschenried hat bereits um das Jahr 1890 ein Sch\u00fctzenverein bestanden, der den Namen \u201cDeutsche Eiche\u201d trug. Dieser Verein l\u00f6ste sich im Jahr 1922 auf. In der Nachkriegszeit um 1948 wurde zwar versucht wieder einen Verein aufzubauen, diese Bem\u00fchungen hielten aber nur wenige Jahre an.<\/h6>\n<h6 style=\"text-align: center;\">Im Jahre 1975 befassten sich einige M\u00e4nner und Burschen wieder mit diesem Gedanken. Am 16. M\u00e4rz 1976 legten schlie\u00dflich 39 Gr\u00fcndungsmitglieder im Vereinslokal Pregler, mit einer offiziellen Gr\u00fcndungsversammlung den Grundstein f\u00fcr einen neuen Verein. Man einigte sich auf den Namen \u201eKreuzbergsch\u00fctzen\u201c Muschenried und beschloss den Beitritt zum \u201eOberpf\u00e4lzer&nbsp;Sch\u00fctzenbund\u201c.<\/h6>\n<h6 style=\"text-align: center;\">Zum 20. Gr\u00fcndungsjubil\u00e4um im Jahr 1995 konnte die eigene B\u00f6llergruppe das Fest lautstark anschie\u00dfen. Diese B\u00f6llergruppe wurde 1994 als Sparte der \u201eKreuzbergsch\u00fctzen\u201c von drei Sch\u00fctzenmitgliedern ins Leben gerufen.<\/h6>\n<h6 style=\"text-align: center;\">Seit Bestehen des Vereins werden j\u00e4hrlich zahlreiche Schie\u00dfveranstaltungen inklusive des K\u00f6nigsschie\u00dfens abgehalten. Man beteiligt sich aktiv an regionalen und \u00fcberregionalen Wettk\u00e4mpfen bei anderen Vereinen, der Bundeswehr und dem OSB. Auch an gesellschaftlichen und kirchlichen Veranstaltungen nimmt der Verein rege teil. Die \u201eKreuzbergsch\u00fctzen&#8220; sind heute aus der Dorfgemeinschaft und der ganzen Gemeinde nicht mehr wegzudenken.<\/h6>\n<h6 style=\"text-align: center;\">Aktuell umfasst der Verein 89 Mitglieder, davon 30 aktive B\u00f6llersch\u00fctzen.<\/h6>\n<p style=\"text-align: center;\"><a class=\"awb-lightbox awb-lightbox-2\" data-title=\"Vorstandschaft Kreuzbergsch\u00fctzen\" title=\"Vorstandschaft Kreuzbergsch\u00fctzen\" href=\"https:\/\/muschenried.de\/750-jahre\/wp-content\/uploads\/2021\/10\/gal_schuetzenverein.jpg\" data-rel=\"iLightbox\"><img decoding=\"async\" src=\"https:\/\/muschenried.de\/750-jahre\/wp-content\/uploads\/2021\/10\/thumb_schuetzenverein.jpg\" alt=\"Vorstandschaft Kreuzbergsch\u00fctzen\"><\/a>\n<\/div><\/div><\/div><\/div><\/div><\/div><div class=\"fusion-flip-boxes flip-boxes row fusion-columns-1 flip-effect-classic\"><div class=\"fusion-flip-box-wrapper fusion-column col-lg-12 col-md-12 col-sm-12\"><div class=\"fusion-flip-box flip-right\" tabindex=\"0\"><div class=\"flip-box-inner-wrapper\"><div class=\"flip-box-front\" style=\"--awb-background-color-front:#ffffff;--awb-title-front-color:#000000;--awb-text-front-color:#000000;\"><div class=\"flip-box-front-inner\"><div class=\"flip-box-grafix flip-box-image\"><img decoding=\"async\" src=\"https:\/\/muschenried.de\/750-jahre\/wp-content\/uploads\/2021\/03\/Gov_Logo-200x300.jpg\" width=\"150\" height=\"225\" alt=\"\" \/><\/div><h2 class=\"flip-box-heading without-text\">Gartenbau- und Ortsversch\u00f6nerungsverein Muschenried<\/h2><\/div><\/div><div class=\"flip-box-back\" style=\"--awb-background-color-back:rgba(255,255,255,0);--awb-text-back-color:rgba(0,0,0,0.8);--awb-background-image-back:url(&#039;https:\/\/muschenried.de\/750-jahre\/wp-content\/uploads\/2021\/06\/muschenried2-300x225.jpg&#039;);\"><div class=\"flip-box-back-inner\">\n<h4 style=\"text-align: center;\">Der Gartenbau- und Ortversch\u00f6nerungsverein Muschenried wurde im M\u00e4rz 1988 gegr\u00fcndet. Mittlerweile z\u00e4hlt der Verein 115 Mitglieder.<\/h4>\n<h4 style=\"text-align: center;\">Die wichtigsten Aktivit\u00e4ten sind die Pflege \u00f6ffentlicher Anlagen am Brunnen, Friedhof und Kinderspielplatz, Teilnahme an verschiedenen Wettbewerben auf Vereins- und Kreisebene, Wanderungen und Radtouren f\u00fcr die ganze Familie, Aktionen f\u00fcr Kinder und Jugendliche und die Brauchtumspflege. Festlicher H\u00f6hepunkt des Vereins- und Dorfgeschehens ist das allj\u00e4hrliche Brunnenfest rund um den Karl-Gratzl-Brunnen und das vereinseigene Ger\u00e4tehaus Anfang August.<\/h4>\n<p style=\"text-align: center;\"><a class=\"awb-lightbox awb-lightbox-3\" data-title=\"Vorstandschaft Gartenbauverein\" title=\"Vorstandschaft Gartenbauverein\" href=\"https:\/\/muschenried.de\/750-jahre\/wp-content\/uploads\/2021\/09\/gal_GOV.jpg\" data-rel=\"iLightbox\"><img decoding=\"async\" src=\"https:\/\/muschenried.de\/750-jahre\/wp-content\/uploads\/2021\/10\/thumb_GOV.jpg\" alt=\"Vorstandschaft Gartenbauverein\"><\/a>\n<\/div><\/div><\/div><\/div><\/div><\/div><div class=\"fusion-flip-boxes flip-boxes row fusion-columns-1 flip-effect-classic\"><div class=\"fusion-flip-box-wrapper fusion-column col-lg-12 col-md-12 col-sm-12\"><div class=\"fusion-flip-box flip-right\" tabindex=\"0\"><div class=\"flip-box-inner-wrapper\"><div class=\"flip-box-front\" style=\"--awb-background-color-front:#ffffff;--awb-title-front-color:#000000;--awb-text-front-color:#000000;\"><div class=\"flip-box-front-inner\"><div class=\"flip-box-grafix flip-box-image\"><img decoding=\"async\" src=\"https:\/\/muschenried.de\/750-jahre\/wp-content\/uploads\/2021\/03\/KSK_neu-300x233.png\" width=\"150\" height=\"116.5\" alt=\"\" \/><\/div><h2 class=\"flip-box-heading without-text\">Krieger- und Soldatenkameradschaft Muschenried-Haag<\/h2><\/div><\/div><div class=\"flip-box-back\" style=\"--awb-background-color-back:rgba(255,255,255,0);--awb-text-back-color:rgba(0,0,0,0.8);--awb-background-image-back:url(&#039;https:\/\/muschenried.de\/750-jahre\/wp-content\/uploads\/2021\/06\/muschenried2-300x225.jpg&#039;);\"><div class=\"flip-box-back-inner\">\n<h5 style=\"text-align: center;\">Heimgekehrte Soldaten aus den deutschen Kriegen gr\u00fcndeten in vielen Ortschaften Veteranen- und Kriegervereine. In Muschenried fiel die Gr\u00fcndung auf den 10. M\u00e4rz 1889. In Haag fand die erste Gr\u00fcndung 1923 statt, 30 Mitglieder z\u00e4hlte damals der Verein. 1933 wurde der Verein durch den zweiten Weltkrieg verboten und die Fahne wurde entwendet. Nach dem Ende der Demilitarisierung wurden die Vereine wieder gegr\u00fcndet. Aufgrund der engen Bindung zwischen Muschenried und Haag entschloss man sich ab 1976 sich in einem Verein zu organisieren. Der Verein hat zurzeit 80 Mitglieder (davon 41 Ungediente; 11 Frauen). Vorsitzender ist Walter Paschen und sein Stellvertreter Helmut Streck.<\/h5>\n<p style=\"text-align: center;\"><a class=\"awb-lightbox awb-lightbox-4\" data-title=\"Vorstandschaft Krieger- und Soldatenkameradschaft\" title=\"Vorstandschaft Krieger- und Soldatenkameradschaft\" href=\"https:\/\/muschenried.de\/750-jahre\/wp-content\/uploads\/2021\/09\/gal_kriegerverein.jpg\" data-rel=\"iLightbox\"><img decoding=\"async\" src=\"https:\/\/muschenried.de\/750-jahre\/wp-content\/uploads\/2021\/10\/thumb_kriegerverein.jpg\" alt=\"Vorstandschaft Krieger- und Soldatenkameradschaft\"><\/a>\n<\/div><\/div><\/div><\/div><\/div><\/div><div class=\"fusion-flip-boxes flip-boxes row fusion-columns-1 flip-effect-classic\"><div class=\"fusion-flip-box-wrapper fusion-column col-lg-12 col-md-12 col-sm-12\"><div class=\"fusion-flip-box flip-right\" tabindex=\"0\"><div class=\"flip-box-inner-wrapper\"><div class=\"flip-box-front\" style=\"--awb-background-color-front:#ffffff;--awb-title-front-color:#000000;--awb-text-front-color:#000000;\"><div class=\"flip-box-front-inner\"><div class=\"flip-box-grafix flip-box-image\"><img decoding=\"async\" src=\"https:\/\/muschenried.de\/750-jahre\/wp-content\/uploads\/2021\/03\/kdfb.png\" width=\"200\" height=\"147.04\" alt=\"\" \/><\/div><h2 class=\"flip-box-heading without-text\">Katholischer Frauenbund Muschenried<\/h2><\/div><\/div><div class=\"flip-box-back\" style=\"--awb-background-color-back:rgba(255,255,255,0);--awb-text-back-color:rgba(0,0,0,0.8);--awb-background-image-back:url(&#039;https:\/\/muschenried.de\/750-jahre\/wp-content\/uploads\/2021\/06\/muschenried2-300x225.jpg&#039;);\"><div class=\"flip-box-back-inner\">\n<h5 style=\"text-align: center;\"><a name=\"_GoBack\"><\/a>Der KDFB Muschenried wurde am 29.09.1978 gegr\u00fcndet.<\/h5>\n<h5 style=\"text-align: center;\">Im Jahre 2018 konnte sein 40-j\u00e4hriges Vereinsjubil\u00e4um gefeiert werden.<\/h5>\n<h5 style=\"text-align: center;\">Der KDFB geh\u00f6rt zu einem festen Bestandteil in der Dorfgemeinschaft und z\u00e4hlt derzeit 56 Mitglieder.<\/h5>\n<h5 style=\"text-align: center;\">&nbsp;<\/h5>\n<h5 style=\"text-align: center;\">Gemeinschaft, Spiritualit\u00e4t, Bildung und Engagement gelten als die 4 S\u00e4ulen des Vereins.<\/h5>\n<p style=\"text-align: center;\"><a class=\"awb-lightbox awb-lightbox-5\" data-title=\"Vorstandschaft Frauenbund\" title=\"Vorstandschaft Frauenbund\" href=\"https:\/\/muschenried.de\/750-jahre\/wp-content\/uploads\/2021\/09\/gal_frauenbund.jpg\" data-rel=\"iLightbox\"><img decoding=\"async\" src=\"https:\/\/muschenried.de\/750-jahre\/wp-content\/uploads\/2021\/10\/thumb_frauenbund.jpg\" alt=\"Vorstandschaft Frauenbund\"><\/a>\n<\/div><\/div><\/div><\/div><\/div><\/div><\/div><\/div><\/div><\/div><div class=\"fusion-fullwidth fullwidth-box fusion-builder-row-2 fusion-flex-container nonhundred-percent-fullwidth non-hundred-percent-height-scrolling fusion-no-medium-visibility fusion-no-large-visibility\" style=\"--awb-border-radius-top-left:0px;--awb-border-radius-top-right:0px;--awb-border-radius-bottom-right:0px;--awb-border-radius-bottom-left:0px;--awb-flex-wrap:wrap;\" ><div class=\"fusion-builder-row fusion-row fusion-flex-align-items-flex-start fusion-flex-content-wrap\" style=\"max-width:1248px;margin-left: calc(-4% \/ 2 );margin-right: calc(-4% \/ 2 );\"><div class=\"fusion-layout-column fusion_builder_column fusion-builder-column-1 fusion_builder_column_1_1 1_1 fusion-flex-column\" style=\"--awb-bg-size:cover;--awb-width-large:100%;--awb-margin-top-large:0px;--awb-spacing-right-large:1.92%;--awb-margin-bottom-large:20px;--awb-spacing-left-large:1.92%;--awb-width-medium:100%;--awb-order-medium:0;--awb-spacing-right-medium:1.92%;--awb-spacing-left-medium:1.92%;--awb-width-small:100%;--awb-order-small:0;--awb-spacing-right-small:1.92%;--awb-spacing-left-small:1.92%;\"><div class=\"fusion-column-wrapper fusion-column-has-shadow fusion-flex-justify-content-flex-start fusion-content-layout-column\"><div class=\"fusion-text fusion-text-1\"><h3>Freiwillige Feuerwehr Muschenried<\/h3>\n<\/div><div class=\"fusion-image-element \" style=\"text-align:center;--awb-margin-bottom:10px;--awb-max-width:200px;--awb-caption-title-font-family:var(--h2_typography-font-family);--awb-caption-title-font-weight:var(--h2_typography-font-weight);--awb-caption-title-font-style:var(--h2_typography-font-style);--awb-caption-title-size:var(--h2_typography-font-size);--awb-caption-title-transform:var(--h2_typography-text-transform);--awb-caption-title-line-height:var(--h2_typography-line-height);--awb-caption-title-letter-spacing:var(--h2_typography-letter-spacing);\"><span class=\" fusion-imageframe imageframe-none imageframe-1 hover-type-none\"><img decoding=\"async\" width=\"195\" height=\"226\" title=\"ffw_2\" src=\"https:\/\/muschenried.de\/750-jahre\/wp-content\/uploads\/2021\/03\/ffw_2.jpg\" alt class=\"img-responsive wp-image-143\"\/><\/span><\/div><div class=\"fusion-text fusion-text-2\"><span class=\"collapseomatic \" id=\"id69f28c5da1a2b\"  tabindex=\"0\" title=\"Die freiwillige Feuerwehr Muschenried wurde im Jahr 1890 gegr\u00fcndet. Der Verein z\u00e4hlt derzeit 150 Mitglieder.\"    >Die freiwillige Feuerwehr Muschenried wurde im Jahr 1890 gegr\u00fcndet. Der Verein z\u00e4hlt derzeit 150 Mitglieder.<\/span><div id=\"target-id69f28c5da1a2b\" class=\"collapseomatic_content \"><\/p>\n<p>Jeden Tag, 24 Stunden, 7 Tage in der Woche, 365 Tage im Jahr, ist sie f\u00fcr uns da.<\/p>\n<p style=\"text-align: center;\"><a class=\"awb-lightbox awb-lightbox-6\" data-title=\"Freiwillige Feuerwehr Muschenried\" title=\"Freiwillige Feuerwehr Muschenried\" href=\"https:\/\/muschenried.de\/750-jahre\/wp-content\/uploads\/2021\/09\/gal_feuerwehr.jpg\" data-rel=\"iLightbox\"><img decoding=\"async\" src=\"https:\/\/muschenried.de\/750-jahre\/wp-content\/uploads\/2021\/10\/thumb_feuerwehr.jpg\" alt=\"Freiwillige Feuerwehr Muschenried\"><\/a>\n<\/div>\n<\/div><div class=\"fusion-separator fusion-full-width-sep\" style=\"align-self: center;margin-left: auto;margin-right: auto;margin-top:15px;width:100%;\"><div class=\"fusion-separator-border sep-single sep-solid\" style=\"--awb-height:20px;--awb-amount:20px;border-color:#e2e2e2;border-top-width:1px;\"><\/div><\/div><\/div><\/div><div class=\"fusion-layout-column fusion_builder_column fusion-builder-column-2 fusion_builder_column_1_1 1_1 fusion-flex-column\" style=\"--awb-bg-size:cover;--awb-width-large:100%;--awb-margin-top-large:0px;--awb-spacing-right-large:1.92%;--awb-margin-bottom-large:20px;--awb-spacing-left-large:1.92%;--awb-width-medium:100%;--awb-order-medium:0;--awb-spacing-right-medium:1.92%;--awb-spacing-left-medium:1.92%;--awb-width-small:100%;--awb-order-small:0;--awb-spacing-right-small:1.92%;--awb-spacing-left-small:1.92%;\"><div class=\"fusion-column-wrapper fusion-column-has-shadow fusion-flex-justify-content-flex-start fusion-content-layout-column\"><div class=\"fusion-text fusion-text-3\"><h3>Kreuzbergsch\u00fctzen Muschenried<\/h3>\n<\/div><div class=\"fusion-image-element \" style=\"text-align:center;--awb-margin-bottom:10px;--awb-max-width:200px;--awb-caption-title-font-family:var(--h2_typography-font-family);--awb-caption-title-font-weight:var(--h2_typography-font-weight);--awb-caption-title-font-style:var(--h2_typography-font-style);--awb-caption-title-size:var(--h2_typography-font-size);--awb-caption-title-transform:var(--h2_typography-text-transform);--awb-caption-title-line-height:var(--h2_typography-line-height);--awb-caption-title-letter-spacing:var(--h2_typography-letter-spacing);\"><span class=\" fusion-imageframe imageframe-none imageframe-2 hover-type-none\"><img decoding=\"async\" width=\"443\" height=\"495\" alt=\"Muschenried Logo Sch\u00fctzenverein\" title=\"Muschenried Logo Sch\u00fctzenverein\" src=\"https:\/\/muschenried.de\/750-jahre\/wp-content\/uploads\/2021\/02\/Schu\u0308tzen_Logo_2.jpg\" class=\"img-responsive wp-image-105\" srcset=\"https:\/\/muschenried.de\/750-jahre\/wp-content\/uploads\/2021\/02\/Schu\u0308tzen_Logo_2-200x223.jpg 200w, https:\/\/muschenried.de\/750-jahre\/wp-content\/uploads\/2021\/02\/Schu\u0308tzen_Logo_2-400x447.jpg 400w, https:\/\/muschenried.de\/750-jahre\/wp-content\/uploads\/2021\/02\/Schu\u0308tzen_Logo_2.jpg 443w\" sizes=\"(max-width: 640px) 100vw, 443px\" \/><\/span><\/div><div class=\"fusion-text fusion-text-4\"><p style=\"text-align: left;\"><span class=\"collapseomatic \" id=\"id69f28c5da294a\"  tabindex=\"0\" title=\"In Muschenried hat bereits um das Jahr 1890 ein Sch\u00fctzenverein bestanden, der den Namen \u201cDeutsche Eiche\u201d trug.\"    >In Muschenried hat bereits um das Jahr 1890 ein Sch\u00fctzenverein bestanden, der den Namen \u201cDeutsche Eiche\u201d trug.<\/span><div id=\"target-id69f28c5da294a\" class=\"collapseomatic_content \"> Dieser Verein l\u00f6ste sich im Jahr 1922 auf. In der Nachkriegszeit um 1948 wurde zwar versucht wieder einen Verein aufzubauen, diese Bem\u00fchungen hielten aber nur wenige Jahre an.<\/p>\n<p style=\"text-align: left;\">Im Jahre 1975 befassten sich einige M\u00e4nner und Burschen wieder mit diesem Gedanken. Am 16. M\u00e4rz 1976 legten schlie\u00dflich 39 Gr\u00fcndungsmitglieder im Vereinslokal Pregler, mit einer offiziellen Gr\u00fcndungsversammlung den Grundstein f\u00fcr einen neuen Verein. Man einigte sich auf den Namen \u201eKreuzbergsch\u00fctzen\u201c Muschenried und beschloss den Beitritt zum \u201eOberpf\u00e4lzer&nbsp;Sch\u00fctzenbund\u201c.<\/p>\n<p style=\"text-align: left;\">Zum 20. Gr\u00fcndungsjubil\u00e4um im Jahr 1995 konnte die eigene B\u00f6llergruppe das Fest lautstark anschie\u00dfen. Diese B\u00f6llergruppe wurde 1994 als Sparte der \u201eKreuzbergsch\u00fctzen\u201c von drei Sch\u00fctzenmitgliedern ins Leben gerufen.<\/p>\n<p style=\"text-align: left;\">Seit Bestehen des Vereins werden j\u00e4hrlich zahlreiche Schie\u00dfveranstaltungen inklusive des K\u00f6nigsschie\u00dfens abgehalten. Man beteiligt sich aktiv an regionalen und \u00fcberregionalen Wettk\u00e4mpfen bei anderen Vereinen, der Bundeswehr und dem OSB. Auch an gesellschaftlichen und kirchlichen Veranstaltungen nimmt der Verein rege teil. Die \u201eKreuzbergsch\u00fctzen&#8220; sind heute aus der Dorfgemeinschaft und der ganzen Gemeinde nicht mehr wegzudenken.<\/p>\n<p style=\"text-align: left;\">Aktuell umfasst der Verein 89 Mitglieder, davon 30 aktive B\u00f6llersch\u00fctzen.<\/p>\n<p style=\"text-align: center;\"><a class=\"awb-lightbox awb-lightbox-7\" data-title=\"Vorstandschaft Kreuzbergsch\u00fctzen\" title=\"Vorstandschaft Kreuzbergsch\u00fctzen\" href=\"https:\/\/muschenried.de\/750-jahre\/wp-content\/uploads\/2021\/10\/gal_schuetzenverein.jpg\" data-rel=\"iLightbox\"><img decoding=\"async\" src=\"https:\/\/muschenried.de\/750-jahre\/wp-content\/uploads\/2021\/10\/thumb_schuetzenverein.jpg\" alt=\"Vorstandschaft Kreuzbergsch\u00fctzen\"><\/a>\n<\/div><\/p>\n<\/div><div class=\"fusion-separator fusion-full-width-sep\" style=\"align-self: center;margin-left: auto;margin-right: auto;width:100%;\"><div class=\"fusion-separator-border sep-single sep-solid\" style=\"--awb-height:20px;--awb-amount:20px;border-color:#e2e2e2;border-top-width:1px;\"><\/div><\/div><\/div><\/div><div class=\"fusion-layout-column fusion_builder_column fusion-builder-column-3 fusion_builder_column_1_1 1_1 fusion-flex-column\" style=\"--awb-bg-size:cover;--awb-width-large:100%;--awb-margin-top-large:0px;--awb-spacing-right-large:1.92%;--awb-margin-bottom-large:20px;--awb-spacing-left-large:1.92%;--awb-width-medium:100%;--awb-order-medium:0;--awb-spacing-right-medium:1.92%;--awb-spacing-left-medium:1.92%;--awb-width-small:100%;--awb-order-small:0;--awb-spacing-right-small:1.92%;--awb-spacing-left-small:1.92%;\"><div class=\"fusion-column-wrapper fusion-column-has-shadow fusion-flex-justify-content-flex-start fusion-content-layout-column\"><div class=\"fusion-text fusion-text-5\"><h3>Gartenbau- und Ortsversch\u00f6nerungsverein Muschenried<\/h3>\n<\/div><div class=\"fusion-image-element \" style=\"text-align:center;--awb-margin-bottom:10px;--awb-max-width:200px;--awb-caption-title-font-family:var(--h2_typography-font-family);--awb-caption-title-font-weight:var(--h2_typography-font-weight);--awb-caption-title-font-style:var(--h2_typography-font-style);--awb-caption-title-size:var(--h2_typography-font-size);--awb-caption-title-transform:var(--h2_typography-text-transform);--awb-caption-title-line-height:var(--h2_typography-line-height);--awb-caption-title-letter-spacing:var(--h2_typography-letter-spacing);\"><span class=\" fusion-imageframe imageframe-none imageframe-3 hover-type-none\"><img decoding=\"async\" width=\"600\" height=\"900\" title=\"Gov_Logo\" src=\"https:\/\/muschenried.de\/750-jahre\/wp-content\/uploads\/2021\/03\/Gov_Logo.jpg\" alt class=\"img-responsive wp-image-147\" srcset=\"https:\/\/muschenried.de\/750-jahre\/wp-content\/uploads\/2021\/03\/Gov_Logo-200x300.jpg 200w, https:\/\/muschenried.de\/750-jahre\/wp-content\/uploads\/2021\/03\/Gov_Logo-400x600.jpg 400w, https:\/\/muschenried.de\/750-jahre\/wp-content\/uploads\/2021\/03\/Gov_Logo.jpg 600w\" sizes=\"(max-width: 640px) 100vw, 600px\" \/><\/span><\/div><div class=\"fusion-text fusion-text-6\"><span class=\"collapseomatic \" id=\"id69f28c5da3589\"  tabindex=\"0\" title=\"Der Gartenbau- und Ortversch\u00f6nerungsverein Muschenried wurde im M\u00e4rz 1988 gegr\u00fcndet. Mittlerweile z\u00e4hlt der Verein 115 Mitglieder.\"    >Der Gartenbau- und Ortversch\u00f6nerungsverein Muschenried wurde im M\u00e4rz 1988 gegr\u00fcndet. Mittlerweile z\u00e4hlt der Verein 115 Mitglieder.<\/span><div id=\"target-id69f28c5da3589\" class=\"collapseomatic_content \"><\/p>\n<p>Die wichtigsten Aktivit\u00e4ten sind die Pflege \u00f6ffentlicher Anlagen am Brunnen, Friedhof und Kinderspielplatz, Teilnahme an verschiedenen Wettbewerben auf Vereins- und Kreisebene, Wanderungen und Radtouren f\u00fcr die ganze Familie, Aktionen f\u00fcr Kinder und Jugendliche und die Brauchtumspflege.<\/p>\n<p>Festlicher H\u00f6hepunkt des Vereins- und Dorfgeschehens ist das allj\u00e4hrliche Brunnenfest rund um den Karl-Gratzl-Brunnen und das vereinseigene Ger\u00e4tehaus Anfang August.<\/p>\n<p style=\"text-align: center;\"><a class=\"awb-lightbox awb-lightbox-8\" data-title=\"Vorstandschaft Gartenbauverein\" title=\"Vorstandschaft Gartenbauverein\" href=\"https:\/\/muschenried.de\/750-jahre\/wp-content\/uploads\/2021\/09\/gal_GOV.jpg\" data-rel=\"iLightbox\"><img decoding=\"async\" src=\"https:\/\/muschenried.de\/750-jahre\/wp-content\/uploads\/2021\/10\/thumb_GOV.jpg\" alt=\"Vorstandschaft Gartenbauverein\"><\/a>\n<\/div>\n<\/div><div class=\"fusion-separator fusion-full-width-sep\" style=\"align-self: center;margin-left: auto;margin-right: auto;margin-top:15px;width:100%;\"><div class=\"fusion-separator-border sep-single sep-solid\" style=\"--awb-height:20px;--awb-amount:20px;border-color:#e2e2e2;border-top-width:1px;\"><\/div><\/div><\/div><\/div><div class=\"fusion-layout-column fusion_builder_column fusion-builder-column-4 fusion_builder_column_1_1 1_1 fusion-flex-column\" style=\"--awb-bg-size:cover;--awb-width-large:100%;--awb-margin-top-large:0px;--awb-spacing-right-large:1.92%;--awb-margin-bottom-large:20px;--awb-spacing-left-large:1.92%;--awb-width-medium:100%;--awb-order-medium:0;--awb-spacing-right-medium:1.92%;--awb-spacing-left-medium:1.92%;--awb-width-small:100%;--awb-order-small:0;--awb-spacing-right-small:1.92%;--awb-spacing-left-small:1.92%;\"><div class=\"fusion-column-wrapper fusion-column-has-shadow fusion-flex-justify-content-flex-start fusion-content-layout-column\"><div class=\"fusion-text fusion-text-7\"><h3>Krieger- und Soldatenkameradschaft Muschenried-Haag<\/h3>\n<\/div><div class=\"fusion-image-element \" style=\"text-align:center;--awb-margin-bottom:10px;--awb-max-width:200px;--awb-caption-title-font-family:var(--h2_typography-font-family);--awb-caption-title-font-weight:var(--h2_typography-font-weight);--awb-caption-title-font-style:var(--h2_typography-font-style);--awb-caption-title-size:var(--h2_typography-font-size);--awb-caption-title-transform:var(--h2_typography-text-transform);--awb-caption-title-line-height:var(--h2_typography-line-height);--awb-caption-title-letter-spacing:var(--h2_typography-letter-spacing);\"><span class=\" fusion-imageframe imageframe-none imageframe-4 hover-type-none\"><img decoding=\"async\" width=\"1114\" height=\"862\" title=\"Wappen_KSK\" src=\"https:\/\/muschenried.de\/750-jahre\/wp-content\/uploads\/2021\/03\/Wappen_KSK.png\" alt class=\"img-responsive wp-image-145\" srcset=\"https:\/\/muschenried.de\/750-jahre\/wp-content\/uploads\/2021\/03\/Wappen_KSK-200x155.png 200w, https:\/\/muschenried.de\/750-jahre\/wp-content\/uploads\/2021\/03\/Wappen_KSK-400x310.png 400w, https:\/\/muschenried.de\/750-jahre\/wp-content\/uploads\/2021\/03\/Wappen_KSK-600x464.png 600w, https:\/\/muschenried.de\/750-jahre\/wp-content\/uploads\/2021\/03\/Wappen_KSK-800x619.png 800w, https:\/\/muschenried.de\/750-jahre\/wp-content\/uploads\/2021\/03\/Wappen_KSK.png 1114w\" sizes=\"(max-width: 640px) 100vw, 1114px\" \/><\/span><\/div><div class=\"fusion-text fusion-text-8\"><span class=\"collapseomatic \" id=\"id69f28c5da4580\"  tabindex=\"0\" title=\"Heimgekehrte Soldaten aus den deutschen Kriegen gr\u00fcndeten in vielen Ortschaften Veteranen- und Kriegervereine.\"    >Heimgekehrte Soldaten aus den deutschen Kriegen gr\u00fcndeten in vielen Ortschaften Veteranen- und Kriegervereine.<\/span><div id=\"target-id69f28c5da4580\" class=\"collapseomatic_content \"><\/p>\n<p>In Muschenried fiel die Gr\u00fcndung auf den 10. M\u00e4rz 1889.&nbsp;In Haag fand die erste Gr\u00fcndung 1923 statt, 30 Mitglieder z\u00e4hlte damals der Verein.<\/p>\n<p>1933 wurde der Verein durch den zweiten Weltkrieg verboten und die Fahne wurde entwendet. Nach dem Ende der Demilitarisierung wurden die Vereine wieder gegr\u00fcndet. Aufgrund der engen Bindung zwischen Muschenried und Haag entschloss man sich ab 1976 sich in einem Verein zu organisieren.<\/p>\n<p>Der Verein hat zurzeit 80 Mitglieder (davon 41 Ungediente; 11 Frauen). Vorsitzender ist Walter Paschen und sein Stellvertreter Helmut Streck.<\/p>\n<p style=\"text-align: center;\"><a class=\"awb-lightbox awb-lightbox-9\" data-title=\"Vorstandschaft Kriegerverein\" title=\"Vorstandschaft Kriegerverein\" href=\"https:\/\/muschenried.de\/750-jahre\/wp-content\/uploads\/2021\/09\/gal_kriegerverein.jpg\" data-rel=\"iLightbox\"><img decoding=\"async\" src=\"https:\/\/muschenried.de\/750-jahre\/wp-content\/uploads\/2021\/10\/thumb_kriegerverein.jpg\" alt=\"Vorstandschaft Kriegerverein\"><\/a>\n<\/div>\n<\/div><div class=\"fusion-separator fusion-full-width-sep\" style=\"align-self: center;margin-left: auto;margin-right: auto;margin-top:15px;width:100%;\"><div class=\"fusion-separator-border sep-single sep-solid\" style=\"--awb-height:20px;--awb-amount:20px;border-color:#e2e2e2;border-top-width:1px;\"><\/div><\/div><\/div><\/div><div class=\"fusion-layout-column fusion_builder_column fusion-builder-column-5 fusion_builder_column_1_1 1_1 fusion-flex-column\" style=\"--awb-bg-size:cover;--awb-width-large:100%;--awb-margin-top-large:0px;--awb-spacing-right-large:1.92%;--awb-margin-bottom-large:20px;--awb-spacing-left-large:1.92%;--awb-width-medium:100%;--awb-order-medium:0;--awb-spacing-right-medium:1.92%;--awb-spacing-left-medium:1.92%;--awb-width-small:100%;--awb-order-small:0;--awb-spacing-right-small:1.92%;--awb-spacing-left-small:1.92%;\"><div class=\"fusion-column-wrapper fusion-column-has-shadow fusion-flex-justify-content-flex-start fusion-content-layout-column\"><div class=\"fusion-text fusion-text-9\"><h3>Katholischer Frauenbund Muschenried<\/h3>\n<\/div><div class=\"fusion-image-element \" style=\"text-align:center;--awb-margin-bottom:10px;--awb-max-width:200px;--awb-caption-title-font-family:var(--h2_typography-font-family);--awb-caption-title-font-weight:var(--h2_typography-font-weight);--awb-caption-title-font-style:var(--h2_typography-font-style);--awb-caption-title-size:var(--h2_typography-font-size);--awb-caption-title-transform:var(--h2_typography-text-transform);--awb-caption-title-line-height:var(--h2_typography-line-height);--awb-caption-title-letter-spacing:var(--h2_typography-letter-spacing);\"><span class=\" fusion-imageframe imageframe-none imageframe-5 hover-type-none\"><img decoding=\"async\" width=\"640\" height=\"471\" title=\"kdfb\" src=\"https:\/\/muschenried.de\/750-jahre\/wp-content\/uploads\/2021\/07\/kdfb.jpg\" alt class=\"img-responsive wp-image-259\" srcset=\"https:\/\/muschenried.de\/750-jahre\/wp-content\/uploads\/2021\/07\/kdfb-200x147.jpg 200w, https:\/\/muschenried.de\/750-jahre\/wp-content\/uploads\/2021\/07\/kdfb-400x294.jpg 400w, https:\/\/muschenried.de\/750-jahre\/wp-content\/uploads\/2021\/07\/kdfb-600x442.jpg 600w, https:\/\/muschenried.de\/750-jahre\/wp-content\/uploads\/2021\/07\/kdfb.jpg 640w\" sizes=\"(max-width: 640px) 100vw, 640px\" \/><\/span><\/div><div class=\"fusion-text fusion-text-10\"><span class=\"collapseomatic \" id=\"id69f28c5da5517\"  tabindex=\"0\" title=\"Der KDFB Muschenried wurde am 29.09.1978 gegr\u00fcndet.\"    >Der KDFB Muschenried wurde am 29.09.1978 gegr\u00fcndet.<\/span><div id=\"target-id69f28c5da5517\" class=\"collapseomatic_content \"><\/p>\n<p style=\"text-align: left;\">Im Jahre 2018 konnte sein 40-j\u00e4hriges Vereinsjubil\u00e4um gefeiert werden.<\/p>\n<p style=\"text-align: left;\">Der KDFB geh\u00f6rt zu einem festen Bestandteil in der Dorfgemeinschaft und z\u00e4hlt derzeit 56 Mitglieder.<\/p>\n<p style=\"text-align: left;\">Gemeinschaft, Spiritualit\u00e4t, Bildung und Engagement gelten als die 4 S\u00e4ulen des Vereins.<\/p>\n<p style=\"text-align: center;\"><a class=\"awb-lightbox awb-lightbox-10\" data-title=\"Vorstandschaft Frauenbund\" title=\"Vorstandschaft Frauenbund\" href=\"https:\/\/muschenried.de\/750-jahre\/wp-content\/uploads\/2021\/09\/gal_frauenbund.jpg\" data-rel=\"iLightbox\"><img decoding=\"async\" src=\"https:\/\/muschenried.de\/750-jahre\/wp-content\/uploads\/2021\/10\/thumb_frauenbund.jpg\" alt=\"Vorstandschaft Frauenbund\"><\/a>\n<\/div>\n<\/div><\/div><\/div><\/div><\/div>\n","protected":false},"excerpt":{"rendered":"","protected":false},"author":2,"featured_media":0,"parent":0,"menu_order":0,"comment_status":"closed","ping_status":"closed","template":"","meta":{"ngg_post_thumbnail":0,"footnotes":""},"class_list":["post-14","page","type-page","status-publish","hentry"],"_links":{"self":[{"href":"https:\/\/muschenried.de\/750-jahre\/wp-json\/wp\/v2\/pages\/14","targetHints":{"allow":["GET"]}}],"collection":[{"href":"https:\/\/muschenried.de\/750-jahre\/wp-json\/wp\/v2\/pages"}],"about":[{"href":"https:\/\/muschenried.de\/750-jahre\/wp-json\/wp\/v2\/types\/page"}],"author":[{"embeddable":true,"href":"https:\/\/muschenried.de\/750-jahre\/wp-json\/wp\/v2\/users\/2"}],"replies":[{"embeddable":true,"href":"https:\/\/muschenried.de\/750-jahre\/wp-json\/wp\/v2\/comments?post=14"}],"version-history":[{"count":53,"href":"https:\/\/muschenried.de\/750-jahre\/wp-json\/wp\/v2\/pages\/14\/revisions"}],"predecessor-version":[{"id":359,"href":"https:\/\/muschenried.de\/750-jahre\/wp-json\/wp\/v2\/pages\/14\/revisions\/359"}],"wp:attachment":[{"href":"https:\/\/muschenried.de\/750-jahre\/wp-json\/wp\/v2\/media?parent=14"}],"curies":[{"name":"wp","href":"https:\/\/api.w.org\/{rel}","templated":true}]}}